{"id":42,"date":"2020-05-23T18:18:22","date_gmt":"2020-05-23T18:18:22","guid":{"rendered":"https:\/\/bdkl.gatomonodesign.com\/wordpress\/?page_id=42"},"modified":"2022-07-21T18:51:41","modified_gmt":"2022-07-21T18:51:41","slug":"3-fiktionale-texte-ueber-kolumbien-u-deutsche-in-kolumbien-ficcion-sobre-colombia-en-aleman-y-sobre-los-alemanes-en-colombia","status":"publish","type":"page","link":"https:\/\/bdkl.gatomonodesign.com\/wordpress\/?page_id=42","title":{"rendered":"3. Fiktionale Texte (\u00fcber Kolumbien u. Deutsche in Kolumbien) \/ Ficci\u00f3n (sobre Colombia en alem\u00e1n y sobre los Alemanes en Colombia)"},"content":{"rendered":"\r\n<p><strong>3.1 Lyrik \/ Poes\u00eda<\/strong><br><br><strong>Arendt (1956\/73): <\/strong>Erich Arendt: Tol\u00fa. Gedichte aus Kolumbien. Leipzig: Insel, 1956 (97&nbsp;S.);&nbsp; 2., \u00fcberarb. Aufl. Leipzig: Insel, 1973.<\/p>\r\n\r\n\r\n\r\n<p><strong>Arendt (2003):<\/strong> Erich Arendt: Tol\u00fa [1943\u20131950\/56]. In: Ders.: Kritische Werkausgabe. Hg. von Manfred Schl\u00f6sser. Bd. I: Gedichte 1925\u20131959. Berlin: Agora, 2003, S. 223\u2013291.<\/p>\r\n\r\n\r\n\r\n<p><strong>Bergholtz (2019):<\/strong> Franziska Bergholtz: Kolumbianischer Winter. Gedichte. [Oberelchingen:] Topalian &amp; Milani, 2019.<\/p>\r\n\r\n\r\n<hr class=\"wp-block-separator\">\r\n\r\n\r\n<p><strong>3.2 Drama&nbsp;<\/strong><\/p>\r\n\r\n\r\n\r\n<p><strong>G\u00f3mez (1948): <\/strong>Luis Serrano&nbsp;G\u00f3mez: Teatro. Imprenta del Departamento, Bucaramanga 1948.&nbsp;<\/p>\r\n\r\n\r\n\r\n<blockquote class=\"wp-block-quote\">\r\n<p>Der Band enthalt drei Dramen, darunter eines mit dem Titel \u203a<em>Lengerke<\/em>\u2039 \u00fcber den deutschen Kaufmann Geo von Lengerke. Es beginnt mit einem Prolog von&nbsp;Benjamin Ardila Diaz.<\/p>\r\n<\/blockquote>\r\n\r\n\r\n<hr class=\"wp-block-separator\">\r\n\r\n\r\n<p><strong>3.3 Prosa<\/strong><\/p>\r\n\r\n\r\n\r\n<p><strong>3.3.1 Deutschsprachige Autoren \/ Escritores en lenguaje alem\u00e1n<\/strong><\/p>\r\n\r\n\r\n\r\n<p><strong>Aeby&nbsp;(2009):<\/strong> Philipp Aeby: Kolumbianische Scheidung. Bammental: Essencia-Verl., 2009 (256 S.).<\/p>\r\n\r\n\r\n\r\n<p><strong>Ahrens&nbsp;(2013):<\/strong> Norbert Ahrens:&nbsp;Podewins Verfolgung. Berlin: Kulturmaschinen, 2013 (271 S.).&nbsp;<\/p>\r\n\r\n\r\n\r\n<p><strong>B\u00fcrger (1928):&nbsp;<\/strong>Otto B\u00fcrger: In den Jagdgr\u00fcnden der Zwielichtw\u00e4lder. Fahrten und Abenteuer eines deutschen Naturforschers zwischen Magdalena und Orinoko. Dresden: Deutsche Buchwerkst\u00e4tten, 1928.<\/p>\r\n\r\n\r\n\r\n<blockquote class=\"wp-block-quote\">\r\n<p>Ein durchaus unterhaltsamer, immer aber didaktisch motivierter Professorenroman f\u00fcr Jugendliche und angehende Studenten, der sich zu einer Enzyklop\u00e4die des kolumbianischen Lebens, der Geographie, Flora und Fauna usw. ausweitet. B\u00fcrger verarbeitet hier das Material seiner fr\u00fcheren B\u00fccher \u27f6 1.).<\/p>\r\n<\/blockquote>\r\n\r\n\r\n\r\n<p><strong>D\u00f6blin (2014):<\/strong> Alfred D\u00f6blin. Amazonas (= Gesammelte Werke, Bd. 14). Mit einem Nachwort von Alexander Honold. Frankfurt am Main: Fischer, 2014.<\/p>\r\n<p><strong>Edschmid&nbsp;<\/strong><strong>(1954):<\/strong> Kasimir Edschmid: Der Marschall und die Gnade. Roman des Sim\u00f3n Bolivar. Wien, M\u00fcnchen, Basel: Kurt Desch, [1954] (542 S.).<\/p>\r\n\r\n\r\n\r\n<blockquote class=\"wp-block-quote\">\r\n<p>Bestand: IAI<\/p>\r\n<\/blockquote>\r\n\r\n\r\n\r\n<p><strong>Feldhausen (2013): <\/strong>Marion Feldhausen: Friedensengel. M\u00fcnchen: Blanvalet-Verl., 2013 (353 S.).<\/p>\r\n\r\n\r\n\r\n<p><strong>Haeberlin (1830): <\/strong>Karl Ludwig Haeberlin: <a href=\"http:\/\/digital.iai.spk-berlin.de\/viewer\/resolver?identifier=IAI00004B6200000000&amp;field=MD_IAIPURL\" target=\"_blank\" rel=\"noreferrer noopener\">Die Creolin. Novelle, auf geschichtlichem Hintergrunde aus den Befreiungskriegen von Columbien<\/a>. 3 Theile. Braunschweig: Meyer, 1830.<\/p>\r\n\r\n\r\n\r\n<blockquote class=\"wp-block-quote\">\r\n<p>Karl Ludwig Haeberlin (1784\u20131858) aus Erlangen war ein deutscher Jurist und&nbsp;Romanschriftsteller. Er schrieb unter dem Pseudonym H. E. R. Belani.<\/p>\r\n<\/blockquote>\r\n\r\n\r\n\r\n<p><strong>Kanofsky&nbsp;(2010):<\/strong> Eva Kanofsky: Bogot\u00e1 Blues. Ein Fall f\u00fcr Rosa-Li Sauer. Trier: \u00e9ditions tr\u00e8ves, 2010 (181 S.).<\/p>\r\n\r\n\r\n\r\n<p><strong>Konsalik&nbsp;<\/strong><strong>(1979): <\/strong>Heinz G. Konsalik: Der Fluch der gr\u00fcnen Steine. M\u00fcnchen: Goldmann, 1979 (251 S.).<\/p>\r\n\r\n\r\n\r\n<p><strong>Lehmann&nbsp;(2009):<\/strong> Christine Lehmann: Der Ruf des Kolibris. Stuttgart [u.a.]:&nbsp;Thienemann, 2009 (540 S.).<\/p>\r\n\r\n\r\n\r\n<p><strong>Lehmann&nbsp;(2012):<\/strong> Christine Lehmann: Der Ruf des Kolibris. Hamburg: Carlsen, 2012 (544 S.).<\/p>\r\n\r\n\r\n\r\n<p><strong>Mills (1950): <\/strong>Randolph Mills: Die Stra\u00dfe nach El Silencio. Kriminal- und Sabotageroman aus Kolumbien. Wien: Winkler, 1950.<\/p>\r\n\r\n\r\n\r\n<blockquote class=\"wp-block-quote\">\r\n<p>Randolph Mills ist das Pseudonym des \u00f6sterreichischen Schriftstellers Reinhard Federmann (1923\u20131976).<\/p>\r\n<\/blockquote>\r\n\r\n\r\n\r\n<p><strong>Mueller (1968):&nbsp;<\/strong>John Henry Mueller: Die Gewaltt\u00e4tigen. Auftrag in Kolumbien. M\u00fcnchen: List, 1968 (231 S.).<\/p>\r\n\r\n\r\n\r\n<p><strong>Ottmann (1922): <\/strong>Victor Ottmann: Der Orchideenj\u00e4ger. Erlebnisse und Abenteuer im tropischen Amerika. Dresden: Verlag Deutsche Buchwerkst\u00e4tten, 1922 (159 S.).<\/p>\r\n\r\n\r\n\r\n<blockquote class=\"wp-block-quote\">\r\n<p>Abenteuerroman mit zahlreichen Fotos und Illustrationen. Victor Ottmann (1869\u20131944) war ein deutscher Buchh\u00e4ndler und Schriftsteller.<\/p>\r\n<\/blockquote>\r\n\r\n\r\n\r\n<p><strong>Pausewang (1966): <\/strong>Gudrun Pausewang (Wilcke): Plaza Fortuna. Stuttgart: DVA, 1966.<\/p>\r\n\r\n\r\n\r\n<p><strong>Pausewang (1986):&nbsp;<\/strong>Gudrun Pausewang (Wilcke): Pepe Amado, auch: Der Herr des Vulkans. Z\u00fcrich: Arche, 1986.<\/p>\r\n\r\n\r\n\r\n<blockquote class=\"wp-block-quote\">\r\n<p>Gudrun Pausewang (1928\u20132020) arbeitete von&nbsp;1968&nbsp;bis 1972 als Lehrerin an der deutschen Auslandsschule in Barranquilla. Ihre Jugend- und Erwachsenenromane, die aus den Erfahrungen ihrer Lateinamerika-Zeit&nbsp;hervorgegangen sind, lassen es offen, in welchem Land konkret die Geschichten spielen. Kolumbien ist jedoch mitgemeint.<\/p>\r\n<\/blockquote>\r\n\r\n\r\n\r\n<p><strong>Podewils-D\u00fcrniz (1941): <\/strong>Gertrud Gr\u00e4fin von&nbsp;Podewils-D\u00fcrniz: Don Pedro, der Indio. Roman aus Kolumbien. Berlin: Globus, [1941] (279 S.).<\/p>\r\n\r\n\r\n\r\n<p><strong>Schmidt (2015): <\/strong>Karola Schmidt: Im Schutz der Orchideen. Berlin: epubli, 2015 (279 S.).<\/p>\r\n\r\n\r\n\r\n<p><strong>Schreitter-Schwarzenfeld (1938): <\/strong>Gertrude&nbsp;Schreitter-Schwarzenfeld: Fernes Land. Bilder aus Columbien. Prag: Andr\u00e9sche Buchhandlung, 1938 (186 S., mit Zeichnungen der Verfasserin).<\/p>\r\n\r\n\r\n\r\n<blockquote class=\"wp-block-quote\">\r\n<p>Gertrude Schreitter-(von) Schwarzenfeld (geb. 21. Juni 1906 in Prag-Karolinenthal; gest. 2000 in Dieburg) war seit dem 6. April 1933 mit dem&nbsp;brasilianischen Diplomaten Jose Cochrane de Alcencar (geb. 1898 in Berlin, gest. 1971 in Lissabon) verheiratet. Von 1933 bis September 1936 wirkte Cochrane&nbsp;de Alcencar&nbsp;zun\u00e4chst als Gesandschaftssekret\u00e4r, sp\u00e4ter als Gesch\u00e4ftstr\u00e4ger der brasilianischen Botschaft in Bogot\u00e1. 1937 wechselte das Paar&nbsp;nach London.<\/p>\r\n<cite><a href=\"https:\/\/de.wikipedia.org\/wiki\/Gertrude_von_Schwarzenfeld\" target=\"_blank\" rel=\"noreferrer noopener\">Wikipedia<\/a><\/cite><\/blockquote>\r\n\r\n\r\n\r\n<p><strong>Taut (1935): <\/strong>Franz Taut: Candelaria. Berlin: H. Fischer, 1935 (235 S.); Berlin: Dt. Buchgemeinschaft, 1935 (283 S.); Berlin: Holle &amp; Co., 1941 (282&nbsp;S.); Neufassung: Braunschweig: Limbach, 1949 (231 S.); Wilhelmshaven: Hera, 1954 (262 S.); M\u00fcnchen: Athos, [1979] (242 S.).<\/p>\r\n\r\n\r\n\r\n<blockquote class=\"wp-block-quote\">\r\n<p>Franz Freiherr von Tautphoeus (geb. 1908 in M\u00fcnchen, gest. 1985), Soldat der Reichswehr, ging mit 18 Jahren nach Kolumbien, arbeitete dort auf Plantagen, \u00d6lfeldern, beim Bahn- und Stra\u00dfenbau, dann in Venezuela als Mechaniker, Kellner, Buchhalter, kam als Deckjunge nach Deutschland zur\u00fcck, suchte in Hamburg vergeblich sich als Seemann durchzusetzen, ging zu einem Kabarett in M\u00fcnchen, durchwanderte Spanien, S\u00fcdfrankreich, sp\u00e4ter Wehrmachtssoldat und in Kriegsgefangenschaft. Nach dem Krieg lebte er in Wolfratshausen. Verfasser zahlreicher meist exotischer Erz\u00e4hlungen \u00fcber Kolumbien sowie sp\u00e4ter zahlreicher Wehrmachtsromane. Pseudonym Franz Taut. \u2013 Zum Autor: DLL2, Bd. 4 (1958), S. 2960; DLL3, Bd. 21 (2001), Sp. 662f.<\/p>\r\n<\/blockquote>\r\n\r\n\r\n\r\n<p><strong>Taut (1937): <\/strong>Franz&nbsp;Taut: Tausend Tage Tramp. Erlebnisse eines Seemanns in Kolumbien und Venezuela. Berlin-Sch\u00f6neberg: Peter J. Oestergaard, [1937].<\/p>\r\n\r\n\r\n\r\n<p><strong>Taut (1939): <\/strong>Franz Taut: Flieger \u00fcber Urwald und Savanne. Ein deutsches Schicksal in Kolumbien. Berlin: Die&nbsp;Heimb\u00fccherei, 1939 (203 S.).<\/p>\r\n\r\n\r\n\r\n<p><strong>Taut (1948): <\/strong>Franz&nbsp;Taut: Pedro. Eine Erz\u00e4hlung aus Kolumbien. Stuttgart: Rottacker, 1948 (219 S.).<\/p>\r\n\r\n\r\n\r\n<p><strong>Taut (1949): <\/strong>Franz&nbsp;Taut: Hacienda am Strom. Roman aus Kolumbien. M\u00fcnchen: Funck, 1949; 2., neubearb. Aufl.&nbsp;Rosenheim: Meister, 1966 (254 S.).<\/p>\r\n\r\n\r\n\r\n<p><strong>Taut (1951): <\/strong>Franz Taut: Conchita und der Ingenieur. Ein Roman aus Kolumbien. M\u00fcnchen: Goldmann, 1951 (215 S.).<\/p>\r\n\r\n\r\n\r\n<p><strong>Taut (1952):&nbsp;<\/strong>Franz&nbsp;Taut: Flammen \u00fcber S\u00fcdamerika. Sim\u00f3n Bolivars Freiheitskampf. Schloss Bleckede a.d. Elbe:&nbsp;Meissner,&nbsp;1952 (157 S.).<\/p>\r\n\r\n\r\n\r\n<p><strong>Taut (1953): <\/strong>Franz&nbsp;Taut: Kolumbianische Romanze. Goslar: Rappen-Verlag, 1953 (287 S.).<\/p>\r\n\r\n\r\n\r\n<blockquote class=\"wp-block-quote\">\r\n<p>Selten. Expl. in der UB Saarbr\u00fccken vorhanden.<\/p>\r\n<\/blockquote>\r\n\r\n\r\n\r\n<p><strong>Taut (1954): <\/strong>Franz Taut: Auf dem Maultierpfad. Erz\u00e4hlung aus Kolumbien und Venezuela. Stuttgart: Boje-Verlag, 1954.<\/p>\r\n\r\n\r\n\r\n<p><strong>Viga (1974): <\/strong>Diego Viga: Die Parallelen schneiden sich. 2. Aufl. Leipzig: List, 1974.<\/p>\r\n\r\n\r\n\r\n<blockquote class=\"wp-block-quote\">\r\n<p>Diego Viga ist das literarische Pseudonym des j\u00fcdischen Emigranten und Professors f\u00fcr Endokrinologie Paul Engel aus Wien. Er schrieb zahlreiche Emigrantenromane \u00fcber Kolumbien und S\u00fcdamerika. Siehe \u27f6 2.)&nbsp;Felden (1987)<\/p>\r\n<\/blockquote>\r\n\r\n\r\n\r\n<p><strong>Wei\u00df (1972):&nbsp;<\/strong>Rudolf Wei\u00df: Kuriere f\u00fcr Bogota. Abenteuer am Rio Magdalena. 4. Aufl. Weimar: Gebr. Knabe, 1972 (140 S., Ill.).<\/p>\r\n\r\n\r\n\r\n<p><strong>Westerbeck (2015): <\/strong>Kerstin Westerbeck: Wegkreuzung in den Anden. Ein Fall f\u00fcr Sergio Fabulos. Norderstedt: B.o.d., 2015 (304 S.).<\/p>\r\n\r\n\r\n\r\n<p><strong>Zelik (2000):&nbsp;<\/strong>Raul&nbsp;Zelik: La Negra.&nbsp;Hamburg: Ed. Nautilus, 2000 (255 S.).<\/p>\r\n\r\n\r\n<hr class=\"wp-block-separator\">\r\n\r\n\r\n<p><strong>3.3.2 Spanischsprachige Autoren \/ Escritores en lenguaje espa\u00f1ol<\/strong><\/p>\r\n\r\n\r\n\r\n<p><strong>Cuesta (1923):<\/strong> R\u00f3mulo&nbsp;Cuesta: <a href=\"http:\/\/www.ellibrototal.com\/ltotal\/?t=1&amp;d=3883_3984_1_1_3883\" target=\"_blank\" rel=\"noreferrer noopener\">Tom\u00e1s<\/a>. Bogot\u00e1: Editorial de Cromos, 1923 (261 S.).<\/p>\r\n\r\n\r\n\r\n<blockquote class=\"wp-block-quote\">\r\n<p>Der Roman erw\u00e4hnt (S. 213f. u. 226 der digitalen Ausgabe) das Wirken der Bergingenieure Carl und Wilhelm Degenhardt in Marmato. Siehe auch&nbsp;\u27f6 1.) Degenhardt &nbsp;(1839a u. 1839b)<\/p>\r\n<\/blockquote>\r\n\r\n\r\n\r\n<p><strong>Cuesta (1992): <\/strong>R\u00f3mulo Cuesta: Tom\u00e1s. Manizales: Imprenta Departamental, 1992.<\/p>\r\n\r\n\r\n\r\n<p><strong>G\u00f3mez Valderrama<\/strong>&nbsp;<strong>(1977a): <\/strong>Pedro G\u00f3mez Valderrama: La otra raya del tigre. Madrid: Alianza Editorial, 1977 (289 S.).<\/p>\r\n\r\n\r\n\r\n<p><strong>G\u00f3mez Valderrama<\/strong>&nbsp;<strong>(1977b):<\/strong> Pedro G\u00f3mez Valderrama:&nbsp;La otra raya del tigre. Bogot\u00e1; M\u00e9xico: Siglo XXI Editores, 1977 (277 S.).<\/p>\r\n\r\n\r\n\r\n<p><strong>G\u00f3mez Valderrama&nbsp;(1983):<\/strong> Pedro G\u00f3mez Valderrama:&nbsp;La otra raya del tigre. Bogot\u00e1: Editorial La Oveja negra Ltda., 1983 (291 S.).<\/p>\r\n\r\n\r\n\r\n<p><strong>G\u00f3mez Valderrama&nbsp;(1989):&nbsp;<\/strong>Pedro G\u00f3mez Valderrama: La otra raya del tigre. Madrid: C\u00edrculo de Lectores, 1989 (351 S.).<\/p>\r\n\r\n\r\n\r\n<p><strong>G\u00f3mez Valderrama<\/strong>&nbsp;<strong>(1990):<\/strong> Pedro G\u00f3mez Valderrama:&nbsp;<a href=\"http:\/\/books.google.de\/books?id=-Le7mPnZ2_gC&amp;printsec=frontcover&amp;dq=Pedro+G%C3%B3mez+Valderrama:+M%C3%A1s+arriba+del+reino.+La+otra+raya+del+tigre&amp;hl=de&amp;sa=X&amp;redir_esc=y#v=onepage&amp;q&amp;f=false\" target=\"_blank\" rel=\"noreferrer noopener\">M\u00e1s arriba del reino. La otra raya del tigre<\/a>. Pr\u00f3logo, cronolog\u00eda y bibliograf\u00eda de Jorge Eli\u00e9cer Ru\u00edz. Caracas: Talleres de Cromotip, 1990 (372&nbsp;S.).<\/p>\r\n\r\n\r\n\r\n<p><strong>L\u00f3pez Erazo (2011): <\/strong>V\u00edctor L\u00f3pez Erazo: Un grito de silencio. Ilustraciones Yorleny Cardozo Pe\u00f1a. [o. O., o. V.: 2011] (141 S.).<\/p>\r\n\r\n\r\n\r\n<blockquote class=\"wp-block-quote\">\r\n<p>Bestand: L\u00c1A<\/p>\r\n<\/blockquote>\r\n\r\n\r\n\r\n<p><strong>L\u00f3pez Michelsen<\/strong>&nbsp;(<strong>1953\/99):<\/strong> Alfonso&nbsp;L\u00f3pez Michelsen: Los elegidos [1953]. Vorwort von Andr\u00e9s Oppenheimer. 8. Aufl. Bogot\u00e1: Oveja Negra, 1999 (259 S.).<\/p>\r\n\r\n\r\n\r\n<blockquote class=\"wp-block-quote\">\r\n<p>Alfonso L\u00f3pez Michelsen (1913\u20132007) war von 1974 bis 1978 Pr\u00e4sident Kolumbiens.<\/p>\r\n<\/blockquote>\r\n\r\n\r\n\r\n<p><strong>Schwartz (2006): <\/strong>Marco Schwartz: El salmo de Kaplan. Barcelona: Belacqua, 2006.<\/p>\r\n\r\n\r\n\r\n<p><strong>Schwartz&nbsp;(2015):<\/strong> Marco Schwartz: Kaplans Psalm. Roman. Aus dem Span. von Jan Weiz u. Peter Schultze-Kraft. Hg. von Liliana Ruth Feierstein. Mit einem&nbsp;Nachwort von Dieter Ingenschay. Berlin: Hentrich &amp; Hentrich, 2015 (J\u00fcdische Spuren, Bd. 7).<\/p>\r\n\r\n\r\n\r\n<blockquote class=\"wp-block-quote\">\r\n<p>Klappentext: \u00bbEine spannende, h\u00f6chst unterhaltsame Geschichte \u00fcber eine linkische Nazijagd in S\u00fcdamerika mit \u00fcberraschendem Ausgang. Tragisch und komisch zugleich.\u00ab<\/p>\r\n<\/blockquote>\r\n\r\n\r\n\r\n<p><strong>Sundheim (1920): <\/strong>Adolfo&nbsp;Sundheim: Fruta tropical. Novela. Madrid: J. Blass&nbsp;[1920] (263 S.).<\/p>\r\n\r\n\r\n\r\n<blockquote class=\"wp-block-quote\">\r\n<p>Vorwort datiert: Barranquilla, 30. Nov. 1919. \u2013 Zum Autor \u27f6 2.)&nbsp;Pe\u00f1a Guerrero (2009)<\/p>\r\n<\/blockquote>\r\n\r\n\r\n\r\n<p><strong>Vasquez (2004): <\/strong>Juan Gabriel Vasquez:&nbsp;Los informantes. Bogot\u00e1 2004.<\/p>\r\n\r\n\r\n\r\n<p><strong>Vasquez (2010): <\/strong>Juan Gabriel Vasquez: Die Informanten. Frankfurt a. M.: Sch\u00f6ffling, 2010.<\/p>\r\n\r\n\r\n\r\n<p><strong>Vasquez (2011): <\/strong>Juan Gabriel Vasquez: Die Informanten. Frankfurt a. M.: Fischer, 2011.<\/p>\r\n\r\n\r\n<hr class=\"wp-block-separator\">","protected":false},"excerpt":{"rendered":"<p>3.1 Lyrik \/ Poes\u00eda Arendt (1956\/73): Erich Arendt: Tol\u00fa. Gedichte aus Kolumbien. Leipzig: Insel, 1956 (97&nbsp;S.);&nbsp; 2., \u00fcberarb. Aufl. Leipzig: Insel, 1973. Arendt (2003): Erich Arendt: Tol\u00fa [1943\u20131950\/56]. In: Ders.: Kritische Werkausgabe. Hg. von Manfred Schl\u00f6sser. Bd. I: Gedichte 1925\u20131959. Berlin: Agora, 2003, S. 223\u2013291.&hellip; <a class=\"read-more\" href=\"https:\/\/bdkl.gatomonodesign.com\/wordpress\/?page_id=42\">Weiterlesen<\/a><\/p>\n","protected":false},"author":1,"featured_media":0,"parent":0,"menu_order":0,"comment_status":"closed","ping_status":"closed","template":"","meta":{"ngg_post_thumbnail":0,"spay_email":""},"_links":{"self":[{"href":"https:\/\/bdkl.gatomonodesign.com\/wordpress\/index.php?rest_route=\/wp\/v2\/pages\/42"}],"collection":[{"href":"https:\/\/bdkl.gatomonodesign.com\/wordpress\/index.php?rest_route=\/wp\/v2\/pages"}],"about":[{"href":"https:\/\/bdkl.gatomonodesign.com\/wordpress\/index.php?rest_route=\/wp\/v2\/types\/page"}],"author":[{"embeddable":true,"href":"https:\/\/bdkl.gatomonodesign.com\/wordpress\/index.php?rest_route=\/wp\/v2\/users\/1"}],"replies":[{"embeddable":true,"href":"https:\/\/bdkl.gatomonodesign.com\/wordpress\/index.php?rest_route=%2Fwp%2Fv2%2Fcomments&post=42"}],"version-history":[{"count":23,"href":"https:\/\/bdkl.gatomonodesign.com\/wordpress\/index.php?rest_route=\/wp\/v2\/pages\/42\/revisions"}],"predecessor-version":[{"id":371,"href":"https:\/\/bdkl.gatomonodesign.com\/wordpress\/index.php?rest_route=\/wp\/v2\/pages\/42\/revisions\/371"}],"wp:attachment":[{"href":"https:\/\/bdkl.gatomonodesign.com\/wordpress\/index.php?rest_route=%2Fwp%2Fv2%2Fmedia&parent=42"}],"curies":[{"name":"wp","href":"https:\/\/api.w.org\/{rel}","templated":true}]}}